{"id":259,"date":"2022-02-09T09:38:09","date_gmt":"2022-02-09T09:38:09","guid":{"rendered":"https:\/\/foerderzentrum-erfurt-nord.de\/?page_id=259"},"modified":"2026-04-26T12:55:13","modified_gmt":"2026-04-26T12:55:13","slug":"foerderverein","status":"publish","type":"page","link":"https:\/\/foerderzentrum-erfurt-nord.de\/?page_id=259","title":{"rendered":"F\u00f6rderverein"},"content":{"rendered":"\n<p><\/p>\n\n\n\n<p><strong>des Staatlich regionalen F<\/strong><strong>\u00f6<\/strong><strong>rderzentrums \u201eEmil Kannegie<\/strong><strong>\u00df<\/strong><strong>er\u201c Erfurt-Nord e.V.<\/strong><\/p>\n\n\n\n<p>Sehr geehrte Damen und Herren,<br>liebe Leserinnen und Leser,<\/p>\n\n\n\n<p><strong>1991<\/strong> wurde der <strong>F<\/strong><strong>\u00f6<\/strong><strong>rderverein \u201eEmil Kannegie<\/strong><strong>\u00df<\/strong><strong>er\u201c e.V.<\/strong> zur Unterst\u00fctzung der gleichnamigen Schule gegr\u00fcndet. In unserer Schule wird Kindern mit sonderp\u00e4dagogischem F\u00f6rderbedarf in den Bereichen Lernen, Sprache bzw. emotional- soziale Entwicklung nicht nur die M\u00f6glichkeit gegeben, eine Schulausbildung zu absolvieren sondern auch individuelle F\u00f6rderung.<\/p>\n\n\n\n<p>Durch speziell auf die Bed\u00fcrfnisse der Kinder zugeschnittene Projekte m\u00f6chte der F\u00f6rderverein die Arbeit der Schule unterst\u00fctzen.<\/p>\n\n\n\n<p>In der Vergangenheit konnten durch Eigenleistung der Mitglieder und <strong>durch die Hilfe von Sponsoren<\/strong> bereits vielf\u00e4ltige Projekte realisiert werden, z.B.<\/p>\n\n\n\n<p>\u201eGr\u00fcnes Klassenzimmer\u201c, Gr\u00fcnanlagen, Streetballanlage, Tischtennisplatten, vielf\u00e4ltige Lehr- und Lernmittel, Projekte zur Gestaltung der R\u00e4umlichkeiten der Schule (u.a. Schulbibliothek, mediale Ausstattung, Klassenr\u00e4ume), Unterst\u00fctzung bei Schulwandertagen, Klassenfahrten, Projektfahrten, Festen und Feiern und vieles mehr<\/p>\n\n\n\n<p><strong>AUCH SIE K<\/strong><strong>\u00d6<\/strong><strong>NNEN HELFEN!!<\/strong><\/p>\n\n\n\n<p>Da f\u00fcr unsere Projekte noch dringend Mittel bzw. Mitgestalter ben\u00f6tigt werden, freuen wir uns \u00fcber jede Art der Unterst\u00fctzung. Hierbei k\u00f6nnen Sachleistungen, Spenden und Eigeninitiative eine gro\u00dfe Hilfe darstellen. Als eingetragener gemeinn\u00fctziger Verein sind wir gern bereit, Ihnen eine <strong>Spendenquittung<\/strong> auszustellen.<\/p>\n\n\n\n<p><strong>F\u00fcr Ihre Bem\u00fchungen bedanken wir uns, auch<\/strong> <strong>im Namen der Kinder, im Voraus.<\/strong><\/p>\n\n\n\n<figure class=\"wp-block-image size-full\"><img loading=\"lazy\" decoding=\"async\" width=\"89\" height=\"135\" src=\"https:\/\/foerderzentrum-erfurt-nord.de\/wp-content\/uploads\/2022\/03\/Foerderverein.png\" alt=\"\" class=\"wp-image-420\"\/><\/figure>\n\n\n\n<h6 class=\"wp-block-heading\"><\/h6>\n\n\n\n<p>Mit freundlichen Gr\u00fc\u00dfen<br>G.Schirmacher <\/p>\n\n\n\n<p>Vorstand des F\u00f6rdervereins<\/p>\n\n\n\n<p>F\u00f6rderverein des Staatlichen regionalen F\u00f6rderzentrums \u201eEmil Kannegie\u00dfer\u201c Erfurt-Nord e.V.<\/p>\n\n\n\n<p>Berliner Stra\u00dfe 1, 99091 Erfurt, Tel.:&nbsp; 0361\/ 792 12 93<\/p>\n\n\n\n<p><a href=\"https:\/\/foerderzentrum-erfurt-nord.de\/?page_id=208\" data-type=\"page\" data-id=\"208\">zum Lernen im Haus<\/a><\/p>\n\n\n\n<p><a href=\"https:\/\/foerderzentrum-erfurt-nord.de\/?page_id=677\" data-type=\"page\" data-id=\"677\">zum lebenspraktischen Lernen<\/a><\/p>\n\n\n\n<p><a href=\"https:\/\/foerderzentrum-erfurt-nord.de\/?page_id=628\" data-type=\"page\" data-id=\"628\">zur Berufsvorbereitung<\/a><\/p>\n\n\n\n<p><a href=\"https:\/\/foerderzentrum-erfurt-nord.de\/?page_id=75\" data-type=\"page\" data-id=\"75\">zur Schulsozialarbeit<\/a><\/p>\n\n\n\n<p><\/p>\n","protected":false},"excerpt":{"rendered":"<p>des Staatlich regionalen F\u00f6rderzentrums \u201eEmil Kannegie\u00dfer\u201c Erfurt-Nord e.V. Sehr geehrte Damen und Herren,liebe Leserinnen und Leser, 1991 wurde der F\u00f6rderverein \u201eEmil Kannegie\u00dfer\u201c e.V. zur Unterst\u00fctzung der gleichnamigen Schule gegr\u00fcndet. In unserer Schule wird Kindern mit sonderp\u00e4dagogischem F\u00f6rderbedarf in den Bereichen Lernen, Sprache bzw. emotional- soziale Entwicklung nicht nur die M\u00f6glichkeit gegeben, eine Schulausbildung zu absolvieren&hellip; <a class=\"more-link\" href=\"https:\/\/foerderzentrum-erfurt-nord.de\/?page_id=259\"><span class=\"screen-reader-text\">F\u00f6rderverein<\/span> weiterlesen<\/a><\/p>\n","protected":false},"author":1,"featured_media":0,"parent":0,"menu_order":0,"comment_status":"closed","ping_status":"closed","template":"","meta":{"footnotes":""},"class_list":["post-259","page","type-page","status-publish","hentry","entry"],"_links":{"self":[{"href":"https:\/\/foerderzentrum-erfurt-nord.de\/index.php?rest_route=\/wp\/v2\/pages\/259","targetHints":{"allow":["GET"]}}],"collection":[{"href":"https:\/\/foerderzentrum-erfurt-nord.de\/index.php?rest_route=\/wp\/v2\/pages"}],"about":[{"href":"https:\/\/foerderzentrum-erfurt-nord.de\/index.php?rest_route=\/wp\/v2\/types\/page"}],"author":[{"embeddable":true,"href":"https:\/\/foerderzentrum-erfurt-nord.de\/index.php?rest_route=\/wp\/v2\/users\/1"}],"replies":[{"embeddable":true,"href":"https:\/\/foerderzentrum-erfurt-nord.de\/index.php?rest_route=%2Fwp%2Fv2%2Fcomments&post=259"}],"version-history":[{"count":4,"href":"https:\/\/foerderzentrum-erfurt-nord.de\/index.php?rest_route=\/wp\/v2\/pages\/259\/revisions"}],"predecessor-version":[{"id":5608,"href":"https:\/\/foerderzentrum-erfurt-nord.de\/index.php?rest_route=\/wp\/v2\/pages\/259\/revisions\/5608"}],"wp:attachment":[{"href":"https:\/\/foerderzentrum-erfurt-nord.de\/index.php?rest_route=%2Fwp%2Fv2%2Fmedia&parent=259"}],"curies":[{"name":"wp","href":"https:\/\/api.w.org\/{rel}","templated":true}]}}